{"id":164,"date":"2022-12-16T14:23:21","date_gmt":"2022-12-16T13:23:21","guid":{"rendered":"https:\/\/www.maglificioinnocenti.it\/privacy-policy"},"modified":"2022-12-16T14:23:21","modified_gmt":"2022-12-16T13:23:21","slug":"privacy-policy","status":"publish","type":"page","link":"https:\/\/www.maglificioinnocenti.it\/en\/privacy-policy","title":{"rendered":"Privacy Policy"},"content":{"rendered":"\n<h2 class=\"wp-block-heading\">INFORMAZIONI SUL TRATTAMENTO DEI DATI PERSONALI<\/h2>\n\n\n\n<h2 class=\"wp-block-heading has-text-align-left\"><strong>Informativa privacy ai sensi del Reg UE 2016\/679 (Regolamento Europeo in materia di protezione dei dati personali), del D. Lgs 30 giugno 2003 n. 196 (Codice in materia di protezione dei dati personali) aggiornato con decreto legislativo n. 101 del 10 agosto 2018, e del provvedimento n. 229 dell&#8217;8 maggio 2014 (cookie law)<\/strong><\/h2>\n\n\n\n<div style=\"height:50px\" aria-hidden=\"true\" class=\"wp-block-spacer\"><\/div>\n\n\n\n<p><strong>Titolare del Trattamento<\/strong><\/p>\n\n\n\n<p>Il Titolare del Trattamento \u00e8 MAGLIFICIO INNOCENTI SPA \u2013 con sede in VIA RESISTENZA 9, SAN VENDEMIANO (TV), P.IVA 00200300267<\/p>\n\n\n\n<p><\/p>\n\n\n\n<p><strong>Tipologia di dati trattati<\/strong><\/p>\n\n\n\n<p>La visita e la consultazione del Sito non comportano in genere raccolta e trattamento dei dati personali dell\u2019utente salvo che per i dati di navigazione e i cookie come di seguito specificato.<br>I sistemi informatici e le procedure software preposte al funzionamento di questo sito web acquisiscono, nel corso del loro normale esercizio, alcuni dati personali la cui trasmissione \u00e8 implicita nell\u2019uso dei protocolli di comunicazione di Internet.<br>Questi dati (quali ad esempio nomi di dominio, indirizzi IP, sistema operativo utilizzato, tipo di device di browser utilizzati per la connessione) non sono accompagnati da alcuna informazione personale aggiuntiva e vengono utilizzati per ricavare informazioni statistiche anonime sull\u2019uso del sito, gestire esigenze di controllo delle modalit\u00e0 di utilizzo dello stesso o accertare responsabilit\u00e0 in caso di ipotetici reati informatici.<br>Si tratta di informazioni che non sono raccolte per essere associate a interessati identificati, ma che per loro stessa natura potrebbero, attraverso elaborazioni ed associazioni con dati detenuti da terzi, permettere di identificare gli utenti. Questi dati vengono utilizzati al solo fine di ricavare informazioni statistiche anonime sull\u2019uso del sito e per controllarne il corretto funzionamento e vengono cancellati immediatamente dopo l\u2019elaborazione.<\/p>\n\n\n\n<p><\/p>\n\n\n\n<p><strong>Base giuridica del trattamento<\/strong><\/p>\n\n\n\n<p>I trattamenti posti in essere si basano su un legittimo interesse del Titolare, quale quello assicurare il corretto funzionamento delle pagine web e dei loro contenuti, garantire la sicurezza del sito prevenire abusi. In tali casi l&#8217;utente ha sempre il diritto di opporsi al trattamento dei dati.<\/p>\n\n\n\n<p><\/p>\n\n\n\n<p><strong>Form Contatti<\/strong><\/p>\n\n\n\n<p>L\u2019utente che desidera richiedere informazioni pu\u00f2 inviare una comunicazione mediante l\u2019apposito form online nella pagina contatti. I dati conferiti sono nome, cognome, ragione sociale, indirizzo, citt\u00e0, numero di telefono e indirizzo mail. La finalit\u00e0 \u00e8 quella di poterLe fornire le informazioni richieste. In questo caso la base giuridica del trattamento \u00e8 rappresentata dalla necessit\u00e0 di dare esecuzione a misure precontrattuali adottate su richiesta dell\u2019Interessato (lett. b) dell\u2019art. 6 GDPR).<\/p>\n\n\n\n<p><\/p>\n\n\n\n<p><strong>Informazioni a carattere commerciale:<\/strong><\/p>\n\n\n\n<p>Il Titolare potrebbe inviarLe comunicazioni commerciali relative a promozioni e\/o offerte delle quali potrebbe aver diritto a beneficiare.<\/p>\n\n\n\n<p>I trattamenti posti in essere per queste finalit\u00e0 vengono effettuati con lo specifico consenso fornito dall\u2019utente, fatta eccezione per le comunicazioni commerciali relative a prodotti e\/o servizi analoghi a quelli gi\u00e0 acquistati e\/o sottoscritti dall\u2019utente (marketing diretto). Le ricordiamo che ha il diritto comunque di opporsi a tale trattamento scrivendo a info@maglificioinnocenti.it<\/p>\n\n\n\n<p><\/p>\n\n\n\n<p><strong>Attivit\u00e0 di profilazione<\/strong><\/p>\n\n\n\n<p>Il Titolare non svolge attivit\u00e0 di profilazione automatica ossia di analisi e elaborazione di informazioni relative all\u2019utente, alle sue preferenze, abitudini, scelte di consumo e\/o esperienze di navigazione.<\/p>\n\n\n\n<p>Nel sito sono presenti dei link ai rispettivi canali social di Maglificio Innocenti Spa. Vi preghiamo di verificare direttamente presso le singole piattaforme, che per comodit\u00e0 riportiamo, le cookie policy.<\/p>\n\n\n\n<p>Link social<\/p>\n\n\n\n<p>Linkedin <a href=\"https:\/\/it.linkedin.com\/legal\/privacy-policy\">Privacy Policy<\/a><\/p>\n\n\n\n<p>Instagram <a href=\"https:\/\/help.instagram.com\/519522125107875\">Privacy Policy<\/a><\/p>\n\n\n\n<p><\/p>\n\n\n\n<p><strong>Destinatari dei dati<br><\/strong>Nei limiti pertinenti alle finalit\u00e0 di trattamento indicate, i Suoi dati potranno essere comunicati a partner, societ\u00e0 di consulenza, aziende private, nominati Responsabili dal Titolare del Trattamento. I Suoi dati non saranno in alcun modo oggetto di diffusione<\/p>\n\n\n\n<p><\/p>\n\n\n\n<p><strong>Minorenni<\/strong><\/p>\n\n\n\n<p>L\u2019accesso alle aree informative del sito non prevede limiti di utilizzo da parte dei minori di et\u00e0.<\/p>\n\n\n\n<p>Si raccomanda comunque ai soggetti esercenti la potest\u00e0 genitoriale il monitoraggio dei minori nell\u2019uso di dispositivi elettronici per la fruizione di contenuti e servizi digitali.<\/p>\n\n\n\n<p><\/p>\n\n\n\n<p><strong>Trasferimento dei dati all\u2019estero<\/strong><\/p>\n\n\n\n<p>Il presente sito potrebbe condividere alcuni dei dati raccolti con servizi localizzati al di fuori dell&#8217;area dell&#8217;Unione Europea. In particolare con sistemi di hosting e per tramite di servizi di cloud storage o in piattaforme social.<em> Con sentenza del 16 luglio 2020 la <\/em>Corte di Giustizia dell\u2019Ue ha dichiarato invalido il Privacy Shield. In attesa di una nuova regolamentazione sar\u00e0 ridotto al minimo indispensabile il ricorso a servizi che prevedano dei trasferimenti verso gli Stati Uniti e mai in caso di dati particolari. I dati potranno essere trasferiti all\u2019estero in paesi extra-europei,solo previa verifica delle clausole contrattuali tipo (Standard Contractual Clauses) adottate\/approvate dalla Commissione Europea ai sensi dell\u2019art. 46, par. 2, lett. c) e d) del GDPR o delle norme vincolanti per l\u2019impresa di cui all\u2019art. 47 del GDPR o, in assenza, in forza di una delle misure derogatorie di cui all\u2019art. 49 del GDPR.<\/p>\n\n\n\n<p><\/p>\n\n\n\n<p><strong>Periodo di conservazione<\/strong><\/p>\n\n\n\n<p>I dati raccolti verranno conservati per un arco di tempo non superiore al conseguimento delle finalit\u00e0 per le quali sono trattati e\/o fino al termine dell\u2019obbligo di legge se previsto; eventuali dati relativi ad attivit\u00e0 di marketing vengono conservati fino a revoca del consenso.<\/p>\n\n\n\n<p><\/p>\n\n\n\n<p><strong>Obbligatoriet\u00e0 o meno del conferimento dati<\/strong><\/p>\n\n\n\n<p>Il conferimento dei dati personali a seguito della navigazione sul sito \u00e8 obbligatorio per il corretto funzionamento del sito stesso, cos\u00ec come quelli richiesti dalla form di contatto per poterle inviare le informazioni richieste. Il conferimento di dati per operazioni di marketing \u00e8 facoltativo.<\/p>\n\n\n\n<p><\/p>\n\n\n\n<p><strong>Diritti dell\u2019interessato<\/strong><\/p>\n\n\n\n<p>In qualit\u00e0 di interessato Lei ha il diritto di ottenere dal titolare del trattamento la conferma che sia o meno in corso un trattamento di dati personali che La riguardano e in tal caso, di ottenere l&#8217;accesso ai dati personali e alle seguenti informazioni:<\/p>\n\n\n\n<p>a) le finalit\u00e0 del trattamento;<\/p>\n\n\n\n<p>b) le categorie di dati personali in questione;<\/p>\n\n\n\n<p>c) i destinatari o le categorie di destinatari a cui i dati personali sono stati o saranno comunicati, in particolare se destinatari di paesi terzi o organizzazioni internazionali;<\/p>\n\n\n\n<p>d) il periodo di conservazione dei dati personali previsto oppure i criteri utilizzati per determinare tale periodo;<\/p>\n\n\n\n<p>e) il diritto di chiedere al titolare del trattamento la rettifica o la cancellazione dei dati personali o la limitazione del trattamento dei dati personali che La riguardano o di opporsi al loro trattamento;<\/p>\n\n\n\n<p>f) il diritto di proporre reclamo a un&#8217;autorit\u00e0 di controllo;<\/p>\n\n\n\n<p>h) l&#8217;esistenza di un processo decisionale automatizzato, compresa la profilazione e, almeno in tali casi, informazioni significative sulla logica utilizzata, nonch\u00e9 l&#8217;importanza e le conseguenze previste di tale trattamento per l&#8217;interessato.<\/p>\n\n\n\n<p><\/p>\n\n\n\n<p><strong>Diritto di cui all\u2019art. 17 del Reg. UE 2016\/679<\/strong> &#8211; <strong>diritto alla cancellazione<\/strong> (\u00abdiritto all&#8217;oblio\u00bb)<\/p>\n\n\n\n<p>L&#8217;interessato ha il diritto di ottenere dal titolare del trattamento la cancellazione dei dati personali che lo riguardano senza ingiustificato ritardo e il titolare del trattamento ha l&#8217;obbligo di cancellare senza ingiustificato ritardo i dati personali, salvo obblighi di legge, se sussiste uno dei motivi seguenti:<br>a) i dati personali non sono pi\u00f9 necessari rispetto alle finalit\u00e0 per le quali sono stati raccolti o altrimenti trattati;<\/p>\n\n\n\n<p>b) l&#8217;interessato revoca il consenso su cui si basa il trattamento e se non sussiste altro fondamento giuridico per il trattamento;<\/p>\n\n\n\n<p>c) l&#8217;interessato si oppone al trattamento e non sussiste alcun motivo legittimo prevalente per procedere al trattamento, oppure si oppone al trattamento;<\/p>\n\n\n\n<p>d) i dati personali sono stati trattati illecitamente;<\/p>\n\n\n\n<p>e) i dati personali devono essere cancellati per adempiere un obbligo legale previsto dal diritto dell&#8217;Unione o dello Stato membro cui \u00e8 soggetto il titolare del trattamento;<\/p>\n\n\n\n<p>f) i dati personali sono stati raccolti relativamente all&#8217;offerta di servizi della societ\u00e0 dell&#8217;informazione.<\/p>\n\n\n\n<p><\/p>\n\n\n\n<p><strong>Diritto di cui all\u2019 art. 18 Diritto di limitazione di trattamento<\/strong><\/p>\n\n\n\n<p>L&#8217;interessato ha il diritto di ottenere dal titolare del trattamento la limitazione del trattamento quando ricorre una delle seguenti ipotesi:<\/p>\n\n\n\n<p>a) l&#8217;interessato contesta l&#8217;esattezza dei dati personali, per il periodo necessario al titolare del trattamento per verificare l&#8217;esattezza di tali dati personali;<\/p>\n\n\n\n<p>b) il trattamento \u00e8 illecito e l&#8217;interessato si oppone alla cancellazione dei dati personali e chiede invece che ne sia limitato l&#8217;utilizzo;<\/p>\n\n\n\n<p>c) bench\u00e9 il titolare del trattamento non ne abbia pi\u00f9 bisogno ai fini del trattamento, i dati personali sono necessari all&#8217;interessato per l&#8217;accertamento, l&#8217;esercizio o la difesa di un diritto in sede giudiziaria;<\/p>\n\n\n\n<p>d) l&#8217;interessato si \u00e8 opposto al trattamento ai sensi dell&#8217;articolo 21, paragrafo 1, Reg UE 2016\/679 in attesa della verifica in merito all&#8217;eventuale prevalenza dei motivi legittimi del titolare del trattamento rispetto a quelli dell&#8217;interessato.<\/p>\n\n\n\n<p><\/p>\n\n\n\n<p><strong>Diritto di cui all\u2019art.20 Diritto alla portabilit\u00e0 dei dati<\/strong><\/p>\n\n\n\n<p>L&#8217;interessato ha il diritto di ricevere in un formato strutturato, di uso comune e leggibile da dispositivo automatico i dati personali che lo riguardano forniti a un titolare del trattamento e ha il<\/p>\n\n\n\n<p>diritto di trasmettere tali dati a un altro titolare del trattamento senza impedimenti da parte del titolare del trattamento. Tale attivit\u00e0 potrebbe essere a titolo oneroso per l\u2019interessato.<\/p>\n\n\n\n<p><a><\/a> Se desidera avere maggiori informazioni sul trattamento dei Suoi dati personali, pu\u00f2 inviare una raccomandata A\/R all\u2019indirizzo Maglificio Innocenti Spa, Via Resistenza, 9, 31020 S.Vendemiano (TV) Italia o scrivere a info@maglificioinnocenti.it.<\/p>\n\n\n\n<p>Prima di poterLe fornire, o modificare qualsiasi informazione, potrebbe essere necessario verificare la Sua identit\u00e0 e rispondere ad alcune domande. Una risposta sar\u00e0 fornita al pi\u00f9 presto.<\/p>\n","protected":false},"excerpt":{"rendered":"<p>INFORMAZIONI SUL TRATTAMENTO DEI DATI PERSONALI Informativa privacy ai sensi del Reg UE 2016\/679 (Regolamento Europeo in materia di protezione dei dati personali), del D. Lgs 30 giugno 2003 n. 196 (Codice in materia di protezione dei dati personali) aggiornato con decreto legislativo n. 101 del 10 agosto 2018, e del provvedimento n. 229 dell&#8217;8 <a href=\"https:\/\/www.maglificioinnocenti.it\/en\/privacy-policy\" class=\"more-link\">&#8230;<span class=\"screen-reader-text\">  Privacy Policy<\/span><\/a><\/p>\n","protected":false},"author":1,"featured_media":0,"parent":0,"menu_order":0,"comment_status":"closed","ping_status":"closed","template":"","meta":[],"yoast_head":"<!-- This site is optimized with the Yoast SEO plugin v20.6 - https:\/\/yoast.com\/wordpress\/plugins\/seo\/ -->\n<title>Privacy Policy - Maglificio Innocenti<\/title>\n<meta name=\"robots\" content=\"index, follow, max-snippet:-1, max-image-preview:large, max-video-preview:-1\" \/>\n<link rel=\"canonical\" href=\"https:\/\/www.maglificioinnocenti.it\/en\/privacy-policy\" \/>\n<meta property=\"og:locale\" content=\"en_US\" \/>\n<meta property=\"og:type\" content=\"article\" \/>\n<meta property=\"og:title\" content=\"Privacy Policy - Maglificio Innocenti\" \/>\n<meta property=\"og:description\" content=\"INFORMAZIONI SUL TRATTAMENTO DEI DATI PERSONALI Informativa privacy ai sensi del Reg UE 2016\/679 (Regolamento Europeo in materia di protezione dei dati personali), del D. Lgs 30 giugno 2003 n. 196 (Codice in materia di protezione dei dati personali) aggiornato con decreto legislativo n. 101 del 10 agosto 2018, e del provvedimento n. 229 dell&#8217;8 ... Privacy Policy\" \/>\n<meta property=\"og:url\" content=\"https:\/\/www.maglificioinnocenti.it\/en\/privacy-policy\" \/>\n<meta property=\"og:site_name\" content=\"Maglificio Innocenti\" \/>\n<meta name=\"twitter:card\" content=\"summary_large_image\" \/>\n<meta name=\"twitter:label1\" content=\"Est. reading time\" \/>\n\t<meta name=\"twitter:data1\" content=\"7 minutes\" \/>\n<script type=\"application\/ld+json\" class=\"yoast-schema-graph\">{\"@context\":\"https:\/\/schema.org\",\"@graph\":[{\"@type\":\"WebPage\",\"@id\":\"https:\/\/www.maglificioinnocenti.it\/en\/privacy-policy\",\"url\":\"https:\/\/www.maglificioinnocenti.it\/en\/privacy-policy\",\"name\":\"Privacy Policy - Maglificio Innocenti\",\"isPartOf\":{\"@id\":\"https:\/\/www.maglificioinnocenti.it\/#website\"},\"datePublished\":\"2022-12-16T13:23:21+00:00\",\"dateModified\":\"2022-12-16T13:23:21+00:00\",\"breadcrumb\":{\"@id\":\"https:\/\/www.maglificioinnocenti.it\/en\/privacy-policy#breadcrumb\"},\"inLanguage\":\"en-US\",\"potentialAction\":[{\"@type\":\"ReadAction\",\"target\":[\"https:\/\/www.maglificioinnocenti.it\/en\/privacy-policy\"]}]},{\"@type\":\"BreadcrumbList\",\"@id\":\"https:\/\/www.maglificioinnocenti.it\/en\/privacy-policy#breadcrumb\",\"itemListElement\":[{\"@type\":\"ListItem\",\"position\":1,\"name\":\"Home\",\"item\":\"https:\/\/www.maglificioinnocenti.it\/en\/home\"},{\"@type\":\"ListItem\",\"position\":2,\"name\":\"Privacy Policy\"}]},{\"@type\":\"WebSite\",\"@id\":\"https:\/\/www.maglificioinnocenti.it\/#website\",\"url\":\"https:\/\/www.maglificioinnocenti.it\/\",\"name\":\"Maglificio Innocenti\",\"description\":\"Un nuovo sito targato WordPress\",\"potentialAction\":[{\"@type\":\"SearchAction\",\"target\":{\"@type\":\"EntryPoint\",\"urlTemplate\":\"https:\/\/www.maglificioinnocenti.it\/?s={search_term_string}\"},\"query-input\":\"required name=search_term_string\"}],\"inLanguage\":\"en-US\"}]}<\/script>\n<!-- \/ Yoast SEO plugin. -->","yoast_head_json":{"title":"Privacy Policy - Maglificio Innocenti","robots":{"index":"index","follow":"follow","max-snippet":"max-snippet:-1","max-image-preview":"max-image-preview:large","max-video-preview":"max-video-preview:-1"},"canonical":"https:\/\/www.maglificioinnocenti.it\/en\/privacy-policy","og_locale":"en_US","og_type":"article","og_title":"Privacy Policy - Maglificio Innocenti","og_description":"INFORMAZIONI SUL TRATTAMENTO DEI DATI PERSONALI Informativa privacy ai sensi del Reg UE 2016\/679 (Regolamento Europeo in materia di protezione dei dati personali), del D. Lgs 30 giugno 2003 n. 196 (Codice in materia di protezione dei dati personali) aggiornato con decreto legislativo n. 101 del 10 agosto 2018, e del provvedimento n. 229 dell&#8217;8 ... Privacy Policy","og_url":"https:\/\/www.maglificioinnocenti.it\/en\/privacy-policy","og_site_name":"Maglificio Innocenti","twitter_card":"summary_large_image","twitter_misc":{"Est. reading time":"7 minutes"},"schema":{"@context":"https:\/\/schema.org","@graph":[{"@type":"WebPage","@id":"https:\/\/www.maglificioinnocenti.it\/en\/privacy-policy","url":"https:\/\/www.maglificioinnocenti.it\/en\/privacy-policy","name":"Privacy Policy - Maglificio Innocenti","isPartOf":{"@id":"https:\/\/www.maglificioinnocenti.it\/#website"},"datePublished":"2022-12-16T13:23:21+00:00","dateModified":"2022-12-16T13:23:21+00:00","breadcrumb":{"@id":"https:\/\/www.maglificioinnocenti.it\/en\/privacy-policy#breadcrumb"},"inLanguage":"en-US","potentialAction":[{"@type":"ReadAction","target":["https:\/\/www.maglificioinnocenti.it\/en\/privacy-policy"]}]},{"@type":"BreadcrumbList","@id":"https:\/\/www.maglificioinnocenti.it\/en\/privacy-policy#breadcrumb","itemListElement":[{"@type":"ListItem","position":1,"name":"Home","item":"https:\/\/www.maglificioinnocenti.it\/en\/home"},{"@type":"ListItem","position":2,"name":"Privacy Policy"}]},{"@type":"WebSite","@id":"https:\/\/www.maglificioinnocenti.it\/#website","url":"https:\/\/www.maglificioinnocenti.it\/","name":"Maglificio Innocenti","description":"Un nuovo sito targato WordPress","potentialAction":[{"@type":"SearchAction","target":{"@type":"EntryPoint","urlTemplate":"https:\/\/www.maglificioinnocenti.it\/?s={search_term_string}"},"query-input":"required name=search_term_string"}],"inLanguage":"en-US"}]}},"_links":{"self":[{"href":"https:\/\/www.maglificioinnocenti.it\/en\/wp-json\/wp\/v2\/pages\/164"}],"collection":[{"href":"https:\/\/www.maglificioinnocenti.it\/en\/wp-json\/wp\/v2\/pages"}],"about":[{"href":"https:\/\/www.maglificioinnocenti.it\/en\/wp-json\/wp\/v2\/types\/page"}],"author":[{"embeddable":true,"href":"https:\/\/www.maglificioinnocenti.it\/en\/wp-json\/wp\/v2\/users\/1"}],"replies":[{"embeddable":true,"href":"https:\/\/www.maglificioinnocenti.it\/en\/wp-json\/wp\/v2\/comments?post=164"}],"version-history":[{"count":0,"href":"https:\/\/www.maglificioinnocenti.it\/en\/wp-json\/wp\/v2\/pages\/164\/revisions"}],"wp:attachment":[{"href":"https:\/\/www.maglificioinnocenti.it\/en\/wp-json\/wp\/v2\/media?parent=164"}],"curies":[{"name":"wp","href":"https:\/\/api.w.org\/{rel}","templated":true}]}}